{"id":17260,"date":"2023-09-12T10:48:17","date_gmt":"2023-09-12T08:48:17","guid":{"rendered":"https:\/\/mcelegal.ch\/mce2024?page_id=17260"},"modified":"2025-02-18T10:18:19","modified_gmt":"2025-02-18T09:18:19","slug":"laurent-maire","status":"publish","type":"page","link":"https:\/\/mcelegal.ch\/en\/team\/laurent-maire\/","title":{"rendered":"Laurent Maire"},"content":{"rendered":"<p><img decoding=\"async\" data-src=\"\/mce2024\/wp-content\/uploads\/2023\/10\/maire.jpg\" alt=\"laurent maire\" src=\"data:image\/svg+xml;base64,PHN2ZyB3aWR0aD0iMSIgaGVpZ2h0PSIxIiB4bWxucz0iaHR0cDovL3d3dy53My5vcmcvMjAwMC9zdmciPjwvc3ZnPg==\" class=\"lazyload\"><\/p>\n<hr>\n<ul>\n<li>\n<p>        <img decoding=\"async\" data-src=\"\/mce2024\/wp-content\/uploads\/2025\/01\/Avocat.png\" alt=\"\" src=\"data:image\/svg+xml;base64,PHN2ZyB3aWR0aD0iMSIgaGVpZ2h0PSIxIiB4bWxucz0iaHR0cDovL3d3dy53My5vcmcvMjAwMC9zdmciPjwvc3ZnPg==\" class=\"lazyload\"><\/p>\n<div>\n<p><strong>Member of the Bar<br \/>LL.M. European Law<br \/><\/strong><strong>Founding partner<br \/><\/strong><\/p>\n<\/div>\n<\/li>\n<li>\n<p>        <img decoding=\"async\" data-src=\"\/mce2024\/wp-content\/uploads\/2025\/01\/localisation.png\" alt=\"\" src=\"data:image\/svg+xml;base64,PHN2ZyB3aWR0aD0iMSIgaGVpZ2h0PSIxIiB4bWxucz0iaHR0cDovL3d3dy53My5vcmcvMjAwMC9zdmciPjwvc3ZnPg==\" class=\"lazyload\"><\/p>\n<div><span><strong>Adresse<\/strong><br \/>Rue du Grand-Ch\u00eane 1<br \/>Case postale 1106<br \/>1001 Lausanne<br \/><\/span><\/div>\n<\/li>\n<li>\n<p>        <img decoding=\"async\" data-src=\"\/mce2024\/wp-content\/uploads\/2025\/01\/mail.png\" alt=\"\" src=\"data:image\/svg+xml;base64,PHN2ZyB3aWR0aD0iMSIgaGVpZ2h0PSIxIiB4bWxucz0iaHR0cDovL3d3dy53My5vcmcvMjAwMC9zdmciPjwvc3ZnPg==\" class=\"lazyload\"><\/p>\n<div><strong>Email<\/strong><br \/><a href=\"mailto:l.maire@mcelegal.ch\">l.maire@mcelegal.ch<\/a><\/div>\n<\/li>\n<li>\n<p>        <img decoding=\"async\" data-src=\"\/mce2024\/wp-content\/uploads\/2025\/01\/langue-parle.png\" alt=\"\" src=\"data:image\/svg+xml;base64,PHN2ZyB3aWR0aD0iMSIgaGVpZ2h0PSIxIiB4bWxucz0iaHR0cDovL3d3dy53My5vcmcvMjAwMC9zdmciPjwvc3ZnPg==\" class=\"lazyload\"><\/p>\n<div><strong>Languages<\/strong><br \/>FR \/ ALL \/ EN<\/div>\n<\/li>\n<\/ul>\n<h2>Biography<\/h2>\n<div>\n<p>Laurent Maire obtained his law degree from the University of Lausanne in 1993 and a post-graduate diploma in European law in 1994. After working as an assistant to Prof. Roland Bieber from 1994 to 1995 while taking the HEC (economics) post-graduate certificate course, he worked as a court clerk in the Vaud courts until 1996, when he began a legal traineeship with Pierre Jomini, Paolo Gallone and Jean-Arnaud de Mestral in Lausanne.<\/p>\n<p>Admitted to the Bar in June 1998, he worked as a foreign guest lawyer at Eaton &amp; Van Winkle in New York in 1999, then as an associate at the law firm of B\u00e2tonnier Philippe Richard in Lausanne from 2000 to 2002.<\/p>\n<p>In September 2002, he set up his own law firm, which a few months later became MCE Avocats. Laurent Maire is the author of several publications on fundamental rights and EU citizenship, and taught business law for several years at the Business School of Lausanne.<\/p>\n<p>Laurent Maire is mainly active in the commercial and private client sectors. President of several foundations in the cultural and charitable fields, Laurent Maire also sits on a number of boards of directors. Member of the FSA Member of AGDA Member of TEPP Member of OAV Member of the ASA<\/p>\n<\/div>\n<h2>Practice areas<\/h2>\n<ul>\n<li>\n<p>        <img decoding=\"async\" data-src=\"\/mce2024\/wp-content\/uploads\/2025\/01\/droit-des-societes.png\" alt=\"\" src=\"data:image\/svg+xml;base64,PHN2ZyB3aWR0aD0iMSIgaGVpZ2h0PSIxIiB4bWxucz0iaHR0cDovL3d3dy53My5vcmcvMjAwMC9zdmciPjwvc3ZnPg==\" class=\"lazyload\"><\/p>\n<h3>Commercial law<\/h3>\n<p><a href=\"https:\/\/mcelegal.ch?page_id=14090\"><\/a><\/p>\n<\/li>\n<li>\n<p>        <img decoding=\"async\" data-src=\"\/mce2024\/wp-content\/uploads\/2024\/12\/private-equity.png\" alt=\"\" src=\"data:image\/svg+xml;base64,PHN2ZyB3aWR0aD0iMSIgaGVpZ2h0PSIxIiB4bWxucz0iaHR0cDovL3d3dy53My5vcmcvMjAwMC9zdmciPjwvc3ZnPg==\" class=\"lazyload\"><\/p>\n<h3>Private clients<\/h3>\n<\/li>\n<\/ul>\n<h2>Professional activities<\/h2>\n<ul>\n<li>\n<h3>Founding partner of MCE Avocats, Lausanne<\/h3>\n<div>\n<p>Since 2002<\/p>\n<\/div>\n<\/li>\n<li>\n<h3>Teaching business law at the Lausanne Business School<\/h3>\n<div>\n<p><span>2002 &#8211; 2004\u00a0<\/span><\/p>\n<\/div>\n<\/li>\n<li>\n<h3>Lawyer at Richard (commercial law, contract law, company law, civil law, arbitration, inheritance)<\/h3>\n<div>\n<p><span>1999 \u00e0 2002<\/span><\/p>\n<\/div>\n<\/li>\n<li>\n<h3>Foreign guest lawyer with Eaton &#038; Van Winkle, New York, NY (corporate acquisitions and mergers, arbitration, trusts, inheritance)<\/h3>\n<div>\n<p><span>1999<\/span><\/p>\n<\/div>\n<\/li>\n<li>\n<h3>Lawyer, Bonnard, Maire, Freymond, Tschumy, Thevenaz (civil law, commercial law, contract law, administrative law, criminal law)<\/h3>\n<div>\n<p><span>1998 &#8211; 1999\u00a0<\/span><\/p>\n<\/div>\n<\/li>\n<\/ul>\n<h2>Education<\/h2>\n<ul>\n<li>\n<h3>Bar exam<\/h3>\n<div>\n<p>1998<\/p>\n<\/div>\n<\/li>\n<li>\n<h3>H.E.C. faculty at Lausanne University<\/h3>\n<div>\n<p>1994 &#8211; 1996<\/p>\n<\/div>\n<\/li>\n<li>\n<h3>Postgraduate diploma in European law, University of Lausanne<\/h3>\n<div>\n<p>1992 &#8211;\u00a0 1993<\/p>\n<\/div>\n<\/li>\n<li>\n<h3>Swiss law degree, University of Lausanne<\/h3>\n<div>\n<p>1989 &#8211; 1993<\/p>\n<\/div>\n<\/li>\n<\/ul>\n<h2>Articles &amp; Publications<\/h2>\n<ul>\n<li>\n<h3>Commentaire du droit des successions<\/h3>\n<div>\n<p>Edition St\u00e4mpfli 2012<strong>.<\/strong>\u00a0 Antoine Eigenmann \/ Nicolas Rouiller \/ Fiorenzo Cotti\/Gaspard Couchepin\/ Laurent Maire \/ Anouchka Hubert-Froidevaux \/Leila Roussianos \/ G\u00e9raldine Auberson<\/p>\n<\/div>\n<\/li>\n<li>\n<h3>L\u2019abus de pouvoir en droit suisse.<\/h3>\n<p>In Abuso de Poder do Estado na Atualidade.<\/p>\n<div>\n<p><span>Editora America Juridica. Mauro Roberto Gomes de Mattos \/ Liana Maria Taborda Lima.<\/span><\/p>\n<\/div>\n<\/li>\n<li>\n<h3>Au nom des peuples europ\u00e9ens <\/h3>\n<p>In the name of the people of Europe<\/p>\n<div>\n<p><span>Un catalogue des droits fondamentaux de l\u2019union europ\u00e9enne. Roland Bieber \/ Karel de Gucht \/ Koen Lenaerts \/ Joseph Weiler.<\/span><\/p>\n<\/div>\n<\/li>\n<li>\n<h3>La Citoyennet\u00e9 de l\u2019Union.<\/h3>\n<div>\n<p><span>Possibilit\u00e9s, Recommandations et suggestions visant \u00e0 prot\u00e9ger et \u00e0 d\u00e9velopper la citoyennet\u00e9 de l\u2019Union dans la perspective de la conf\u00e9rence intergouvernementale de 1996 sur la r\u00e9vision du Trait\u00e9 de Maastricht.\u00a0 J\u00f6rg Monar \/ Roland Bieber \/ Laurent Maire \/ Isabelle Salom\u00e9.<\/span><\/p>\n<\/div>\n<\/li>\n<li>\n<h3>L\u2019espace constitutionnel europ\u00e9en <\/h3>\n<div>\n<p>Participation \u00e0 l\u2019organisation du colloque du 10-12 avril 1995 et \u00e0 la publication des contributions. Roland Bieber \/ Pierre Widmer<\/p>\n<\/div>\n<\/li>\n<\/ul>\n<p><!--more--><br \/>\n<!-- {\"type\":\"layout\",\"children\":[{\"name\":\"Vita\",\"type\":\"section\",\"props\":{\"animation_delay\":false,\"image_position\":\"center-center\",\"style\":\"default\",\"title_breakpoint\":\"xl\",\"title_position\":\"top-left\",\"title_rotation\":\"left\",\"vertical_align\":\"\",\"width\":\"default\"},\"children\":[{\"type\":\"row\",\"children\":[{\"type\":\"column\",\"props\":{\"image_position\":\"center-center\",\"position_sticky_breakpoint\":\"m\",\"width_medium\":\"1-1\"},\"children\":[{\"type\":\"headline\",\"props\":{\"margin\":\"small\",\"title_color\":\"emphasis\",\"title_decoration\":\"bullet\",\"title_element\":\"h1\",\"title_style\":\"h2\"},\"source\":{\"query\":{\"name\":\"pages.singlePage\"},\"props\":{\"content\":{\"filters\":{\"search\":\"\"},\"name\":\"title\"}}}},{\"type\":\"breadcrumbs\",\"props\":{\"show_current\":false,\"show_home\":true}}]}]},{\"type\":\"row\",\"props\":{\"column_gap\":\"large\",\"layout\":\"1-3,2-3\",\"row_gap\":\"large\"},\"children\":[{\"type\":\"column\",\"props\":{\"image_position\":\"center-center\",\"position_sticky\":\"column\",\"position_sticky_breakpoint\":\"m\",\"style\":\"card-default\",\"width_medium\":\"1-3\",\"width_small\":\"1-2\"},\"children\":[{\"type\":\"image\",\"props\":{\"css\":\".el-image {\\n    filter: grayscale(0%); \\\/* Noir et blanc par d\\u00e9faut *\\\/\\n    transition: filter 0.3s ease, transform 0.3s ease; \\\/* Transition fluide pour filtre et zoom *\\\/\\n    transform: scale(1); \\\/* \\u00c9chelle normale *\\\/\\n}\\n\\n.el-image:hover {\\n    filter: grayscale(100%); \\n     transform: scale(1.05); \\n    transition: filter 0.6s ease, transform 0.6s ease; \\\/* Transition fluide pour filtre et zoom *\\\/\\n}\",\"image\":\"wp-content\\\/uploads\\\/2023\\\/10\\\/maire.jpg\",\"image_alt\":\"laurent maire\",\"image_loading\":true,\"image_svg_color\":\"emphasis\",\"margin\":\"default\",\"text_align\":\"center\"}},{\"type\":\"divider\",\"props\":{\"divider_element\":\"hr\"}},{\"type\":\"list\",\"props\":{\"column_breakpoint\":\"m\",\"image_align\":\"left\",\"image_loading\":true,\"image_svg_color\":\"emphasis\",\"image_vertical_align\":true,\"image_width\":\"60\",\"list_element\":\"ul\",\"list_horizontal_separator\":\", \",\"list_style\":\"divider\",\"list_type\":\"vertical\",\"show_image\":true,\"show_link\":true},\"children\":[{\"type\":\"list_item\",\"props\":{\"content\":\"\n\n<p><strong>Member of the Bar<br \\\/>LL.M. European Law<br \\\/><\\\/strong><strong>Founding partner<br \\\/><\\\/strong><\\\/p>\",\"image\":\"wp-content\\\/uploads\\\/2025\\\/01\\\/Avocat.png\"}},{\"type\":\"list_item\",\"props\":{\"content\":\"<span><strong>Adresse<\\\/strong><br \\\/>Rue du Grand-Ch\\u00eane 1<br \\\/>Case postale 1106<br \\\/>1001 Lausanne<br \\\/><\\\/span>\",\"image\":\"wp-content\\\/uploads\\\/2025\\\/01\\\/localisation.png\"}},{\"type\":\"list_item\",\"props\":{\"content\":\"<strong>Email<\\\/strong><br \\\/><a href=\\\"mailto:l.maire@mcelegal.ch\\\">l.maire@mcelegal.ch<\\\/a>\",\"image\":\"wp-content\\\/uploads\\\/2025\\\/01\\\/mail.png\"}},{\"type\":\"list_item\",\"props\":{\"content\":\"<strong>Languages<\\\/strong><br \\\/>FR \\\/ ALL \\\/ EN\",\"image\":\"wp-content\\\/uploads\\\/2025\\\/01\\\/langue-parle.png\"}}]}]},{\"type\":\"column\",\"props\":{\"image_position\":\"center-center\",\"position_sticky_breakpoint\":\"m\",\"width_medium\":\"2-3\",\"width_small\":\"1-1\"},\"children\":[{\"type\":\"headline\",\"props\":{\"content\":\"Biography\",\"margin\":\"large\",\"margin_remove_bottom\":true,\"title_element\":\"h2\",\"title_style\":\"h3\"}},{\"type\":\"text\",\"props\":{\"column_breakpoint\":\"m\",\"content\":\"\n\n<p>Laurent Maire obtained his law degree from the University of Lausanne in 1993 and a post-graduate diploma in European law in 1994. After working as an assistant to Prof. Roland Bieber from 1994 to 1995 while taking the HEC (economics) post-graduate certificate course, he worked as a court clerk in the Vaud courts until 1996, when he began a legal traineeship with Pierre Jomini, Paolo Gallone and Jean-Arnaud de Mestral in Lausanne.<\\\/p>\\n\n\n<p>Admitted to the Bar in June 1998, he worked as a foreign guest lawyer at Eaton &amp; Van Winkle in New York in 1999, then as an associate at the law firm of B\\u00e2tonnier Philippe Richard in Lausanne from 2000 to 2002.<\\\/p>\\n\n\n<p>In September 2002, he set up his own law firm, which a few months later became MCE Avocats. Laurent Maire is the author of several publications on fundamental rights and EU citizenship, and taught business law for several years at the Business School of Lausanne.<\\\/p>\\n\n\n<p>Laurent Maire is mainly active in the commercial and private client sectors. President of several foundations in the cultural and charitable fields, Laurent Maire also sits on a number of boards of directors. Member of the FSA Member of AGDA Member of TEPP Member of OAV Member of the ASA<\\\/p>\",\"margin\":\"default\"}},{\"type\":\"headline\",\"props\":{\"content\":\"Practice areas\",\"margin\":\"large\",\"margin_remove_bottom\":true,\"title_element\":\"h2\",\"title_style\":\"h3\"}},{\"type\":\"panel-slider\",\"props\":{\"content_column_breakpoint\":\"m\",\"icon_width\":80,\"image_align\":\"top\",\"image_grid_breakpoint\":\"m\",\"image_grid_width\":\"1-2\",\"image_link\":false,\"image_svg_color\":\"emphasis\",\"image_width\":\"80\",\"link_style\":\"default\",\"link_text\":\"\",\"margin\":\"default\",\"meta_align\":\"below-title\",\"meta_element\":\"div\",\"meta_style\":\"text-meta\",\"nav\":\"dotnav\",\"nav_align\":\"center\",\"nav_breakpoint\":\"s\",\"panel_link\":true,\"panel_link_hover\":\"true\",\"panel_match\":true,\"panel_padding\":\"small\",\"panel_style\":\"tile-muted\",\"show_content\":true,\"show_hover_image\":true,\"show_hover_video\":true,\"show_image\":true,\"show_link\":true,\"show_meta\":true,\"show_title\":true,\"show_video\":true,\"slidenav\":\"outside\",\"slidenav_breakpoint\":\"\",\"slidenav_margin\":\"medium\",\"slidenav_outside_breakpoint\":\"s\",\"slider_autoplay_pause\":true,\"slider_gap\":\"default\",\"slider_width\":\"fixed\",\"slider_width_default\":\"4-5\",\"slider_width_medium\":\"1-3\",\"text_align\":\"center\",\"title_align\":\"top\",\"title_element\":\"h3\",\"title_grid_breakpoint\":\"m\",\"title_grid_width\":\"1-2\",\"title_hover_style\":\"reset\",\"title_style\":\"text-lead\"},\"children\":[{\"type\":\"panel-slider_item\",\"props\":{\"image\":\"wp-content\\\/uploads\\\/2025\\\/01\\\/droit-des-societes.png\",\"link\":\"https:\\\/\\\/mcelegal.ch?page_id=14090\",\"title\":\"Commercial law\"}},{\"type\":\"panel-slider_item\",\"props\":{\"image\":\"wp-content\\\/uploads\\\/2024\\\/12\\\/private-equity.png\",\"title\":\"Private clients\"}}]},{\"type\":\"headline\",\"props\":{\"content\":\"Professional activities\",\"margin\":\"large\",\"margin_remove_bottom\":true,\"title_element\":\"h2\",\"title_style\":\"h3\"}},{\"type\":\"description_list\",\"props\":{\"column_breakpoint\":\"m\",\"layout\":\"grid-2\",\"list_element\":\"ul\",\"list_size\":\"large\",\"list_style\":\"striped\",\"meta_align\":\"below-content\",\"meta_style\":\"text-meta\",\"show_content\":true,\"show_link\":false,\"show_meta\":true,\"show_title\":true,\"title_element\":\"div\",\"title_grid_column_gap\":\"large\",\"title_grid_row_gap\":\"large\",\"title_grid_width\":\"expand\"},\"children\":[{\"type\":\"description_list_item\",\"props\":{\"content\":\"\n\n<p>Since 2002<\\\/p>\",\"meta\":\"\",\"title\":\"Founding partner of MCE Avocats, Lausanne\"}},{\"type\":\"description_list_item\",\"props\":{\"content\":\"\n\n<p><span>2002 - 2004\\u00a0<\\\/span><\\\/p>\",\"meta\":\"\",\"title\":\"Teaching business law at the Lausanne Business School\"}},{\"type\":\"description_list_item\",\"props\":{\"content\":\"\n\n<p><span>1999 \\u00e0 2002<\\\/span><\\\/p>\",\"meta\":\"\",\"title\":\"Lawyer at Richard (commercial law, contract law, company law, civil law, arbitration, inheritance)\"}},{\"type\":\"description_list_item\",\"props\":{\"content\":\"\n\n<p><span>1999<\\\/span><\\\/p>\",\"meta\":\"\",\"title\":\"Foreign guest lawyer with Eaton & Van Winkle, New York, NY (corporate acquisitions and mergers, arbitration, trusts, inheritance)\"}},{\"type\":\"description_list_item\",\"props\":{\"content\":\"\n\n<p><span>1998 - 1999\\u00a0<\\\/span><\\\/p>\",\"meta\":\"\",\"title\":\"Lawyer, Bonnard, Maire, Freymond, Tschumy, Thevenaz (civil law, commercial law, contract law, administrative law, criminal law)\"}}]},{\"type\":\"headline\",\"props\":{\"content\":\"Education\",\"margin\":\"large\",\"margin_remove_bottom\":true,\"title_element\":\"h2\",\"title_style\":\"h3\"}},{\"type\":\"description_list\",\"props\":{\"column_breakpoint\":\"m\",\"layout\":\"grid-2\",\"list_element\":\"ul\",\"list_size\":\"large\",\"list_style\":\"striped\",\"meta_align\":\"below-content\",\"meta_style\":\"text-meta\",\"show_content\":true,\"show_link\":false,\"show_meta\":true,\"show_title\":true,\"title_element\":\"div\",\"title_grid_column_gap\":\"large\",\"title_grid_row_gap\":\"large\",\"title_grid_width\":\"expand\"},\"children\":[{\"type\":\"description_list_item\",\"props\":{\"content\":\"\n\n<p>1998<\\\/p>\",\"meta\":\"\",\"title\":\"Bar exam\"}},{\"type\":\"description_list_item\",\"props\":{\"content\":\"\n\n<p>1994 - 1996<\\\/p>\",\"meta\":\"\",\"title\":\"H.E.C. faculty at Lausanne University\"}},{\"type\":\"description_list_item\",\"props\":{\"content\":\"\n\n<p>1992 -\\u00a0 1993<\\\/p>\",\"meta\":\"\",\"title\":\"Postgraduate diploma in European law, University of Lausanne\"}},{\"type\":\"description_list_item\",\"props\":{\"content\":\"\n\n<p>1989 - 1993<\\\/p>\",\"meta\":\"\",\"title\":\"Swiss law degree, University of Lausanne\"}}]},{\"type\":\"headline\",\"props\":{\"content\":\"Articles &amp; Publications\",\"margin\":\"large\",\"margin_remove_bottom\":true,\"title_element\":\"h2\",\"title_style\":\"h3\"}},{\"type\":\"panel-slider\",\"props\":{\"content_column_breakpoint\":\"m\",\"css\":\".el-content {\\n    font-size : 12px;}\",\"icon_width\":80,\"image_align\":\"top\",\"image_grid_breakpoint\":\"m\",\"image_grid_width\":\"1-2\",\"image_svg_color\":\"emphasis\",\"image_width\":200,\"link_style\":\"default\",\"link_text\":\"En lire plus\",\"margin\":\"default\",\"meta_align\":\"below-title\",\"meta_element\":\"div\",\"meta_style\":\"text-small\",\"nav\":\"\",\"nav_align\":\"center\",\"nav_breakpoint\":\"s\",\"panel_card_offset\":false,\"panel_expand\":\"both\",\"panel_image_no_padding\":false,\"panel_match\":true,\"panel_padding\":\"small\",\"panel_style\":\"card-default\",\"show_content\":true,\"show_hover_image\":true,\"show_hover_video\":true,\"show_image\":true,\"show_link\":true,\"show_meta\":true,\"show_title\":true,\"show_video\":true,\"slidenav\":\"bottom-right\",\"slidenav_breakpoint\":\"\",\"slidenav_margin\":\"\",\"slidenav_outside_breakpoint\":\"l\",\"slider_autoplay_pause\":true,\"slider_gap\":\"default\",\"slider_width\":\"fixed\",\"slider_width_default\":\"1-1\",\"slider_width_medium\":\"1-3\",\"slider_width_small\":\"4-5\",\"title_align\":\"top\",\"title_element\":\"h3\",\"title_grid_breakpoint\":\"m\",\"title_grid_width\":\"1-2\",\"title_hover_style\":\"reset\",\"title_style\":\"h4\"},\"children\":[{\"type\":\"panel-slider_item\",\"props\":{\"content\":\"\n\n<p>Edition St\\u00e4mpfli 2012<strong>.<\\\/strong>\\u00a0 Antoine Eigenmann \\\/ Nicolas Rouiller \\\/ Fiorenzo Cotti\\\/Gaspard Couchepin\\\/ Laurent Maire \\\/ Anouchka Hubert-Froidevaux \\\/Leila Roussianos \\\/ G\\u00e9raldine Auberson<\\\/p>\",\"meta\":\"\",\"title\":\"Commentaire du droit des successions\"}},{\"type\":\"panel-slider_item\",\"props\":{\"content\":\"\n\n<p><span>Editora America Juridica. Mauro Roberto Gomes de Mattos \\\/ Liana Maria Taborda Lima.<\\\/span><\\\/p>\",\"meta\":\"In Abuso de Poder do Estado na Atualidade.\",\"title\":\"L\\u2019abus de pouvoir en droit suisse.\"}},{\"type\":\"panel-slider_item\",\"props\":{\"content\":\"\n\n<p><span>Un catalogue des droits fondamentaux de l\\u2019union europ\\u00e9enne. Roland Bieber \\\/ Karel de Gucht \\\/ Koen Lenaerts \\\/ Joseph Weiler.<\\\/span><\\\/p>\",\"meta\":\"In the name of the people of Europe\",\"title\":\"Au nom des peuples europ\\u00e9ens \"}},{\"type\":\"panel-slider_item\",\"props\":{\"content\":\"\n\n<p><span>Possibilit\\u00e9s, Recommandations et suggestions visant \\u00e0 prot\\u00e9ger et \\u00e0 d\\u00e9velopper la citoyennet\\u00e9 de l\\u2019Union dans la perspective de la conf\\u00e9rence intergouvernementale de 1996 sur la r\\u00e9vision du Trait\\u00e9 de Maastricht.\\u00a0 J\\u00f6rg Monar \\\/ Roland Bieber \\\/ Laurent Maire \\\/ Isabelle Salom\\u00e9.<\\\/span><\\\/p>\",\"meta\":\"\",\"title\":\"La Citoyennet\\u00e9 de l\\u2019Union.\"}},{\"type\":\"panel-slider_item\",\"props\":{\"content\":\"\n\n<p>Participation \\u00e0 l\\u2019organisation du colloque du 10-12 avril 1995 et \\u00e0 la publication des contributions. Roland Bieber \\\/ Pierre Widmer<\\\/p>\",\"meta\":\"\",\"title\":\"L\\u2019espace constitutionnel europ\\u00e9en \"}}],\"name\":\"Panel : Articles associ\\u00e9s\",\"source\":{\"query\":{\"name\":\"posts.customPost\",\"arguments\":{\"terms\":[],\"category_operator\":\"IN\",\"post_tag_operator\":\"IN\",\"users\":[],\"users_operator\":\"IN\",\"offset\":0,\"order\":\"date\",\"order_direction\":\"DESC\",\"id\":16654}},\"props\":{\"content\":{\"filters\":{\"search\":\"\",\"limit\":200},\"name\":\"excerpt\"}}}},{\"type\":\"totop\",\"props\":{\"margin\":\"default\",\"title\":\"Back to top\",\"title_grid_column_gap\":\"small\",\"title_grid_row_gap\":\"small\",\"title_style\":\"meta\"}}]}]}]}],\"version\":\"4.5.3\"} --><\/p>\n","protected":false},"excerpt":{"rendered":"<p>Member of the BarLL.M. European LawFounding partner AdresseRue du Grand-Ch\u00eane 1Case postale 11061001 Lausanne Emaill.maire@mcelegal.ch LanguagesFR \/ ALL \/ EN Biography Laurent Maire obtained his law degree from the University of Lausanne in 1993 and a post-graduate diploma in European law in 1994. After working as an assistant to Prof. Roland Bieber from 1994 to [&hellip;]<\/p>\n","protected":false},"author":11,"featured_media":16073,"parent":18938,"menu_order":0,"comment_status":"closed","ping_status":"closed","template":"","meta":{"footnotes":""},"tags":[262],"class_list":["post-17260","page","type-page","status-publish","has-post-thumbnail","hentry","tag-droit-des-societes-droit-commercial-en"],"_links":{"self":[{"href":"https:\/\/mcelegal.ch\/en\/wp-json\/wp\/v2\/pages\/17260","targetHints":{"allow":["GET"]}}],"collection":[{"href":"https:\/\/mcelegal.ch\/en\/wp-json\/wp\/v2\/pages"}],"about":[{"href":"https:\/\/mcelegal.ch\/en\/wp-json\/wp\/v2\/types\/page"}],"author":[{"embeddable":true,"href":"https:\/\/mcelegal.ch\/en\/wp-json\/wp\/v2\/users\/11"}],"replies":[{"embeddable":true,"href":"https:\/\/mcelegal.ch\/en\/wp-json\/wp\/v2\/comments?post=17260"}],"version-history":[{"count":3,"href":"https:\/\/mcelegal.ch\/en\/wp-json\/wp\/v2\/pages\/17260\/revisions"}],"predecessor-version":[{"id":17676,"href":"https:\/\/mcelegal.ch\/en\/wp-json\/wp\/v2\/pages\/17260\/revisions\/17676"}],"up":[{"embeddable":true,"href":"https:\/\/mcelegal.ch\/en\/wp-json\/wp\/v2\/pages\/18938"}],"wp:featuredmedia":[{"embeddable":true,"href":"https:\/\/mcelegal.ch\/en\/wp-json\/wp\/v2\/media\/16073"}],"wp:attachment":[{"href":"https:\/\/mcelegal.ch\/en\/wp-json\/wp\/v2\/media?parent=17260"}],"wp:term":[{"taxonomy":"post_tag","embeddable":true,"href":"https:\/\/mcelegal.ch\/en\/wp-json\/wp\/v2\/tags?post=17260"}],"curies":[{"name":"wp","href":"https:\/\/api.w.org\/{rel}","templated":true}]}}