{"id":17237,"date":"2021-03-24T15:21:32","date_gmt":"2021-03-24T14:21:32","guid":{"rendered":"https:\/\/mcelegal.ch\/mce2024?page_id=17237"},"modified":"2025-04-14T13:58:44","modified_gmt":"2025-04-14T11:58:44","slug":"christian-chilla","status":"publish","type":"page","link":"https:\/\/mcelegal.ch\/en\/team\/christian-chilla\/","title":{"rendered":"Christian Chill\u00e0"},"content":{"rendered":"<p><img decoding=\"async\" data-src=\"\/wp-content\/uploads\/2023\/10\/chilla.jpg\" alt=\"Christian Chill\u00e0\" src=\"data:image\/svg+xml;base64,PHN2ZyB3aWR0aD0iMSIgaGVpZ2h0PSIxIiB4bWxucz0iaHR0cDovL3d3dy53My5vcmcvMjAwMC9zdmciPjwvc3ZnPg==\" class=\"lazyload\" style=\"--smush-placeholder-width: 400px; --smush-placeholder-aspect-ratio: 400\/490;\"><\/p>\n<hr>\n<ul>\n<li>\n<p>        <img decoding=\"async\" data-src=\"\/wp-content\/uploads\/2025\/01\/Avocat.png\" alt=\"\" src=\"data:image\/svg+xml;base64,PHN2ZyB3aWR0aD0iMSIgaGVpZ2h0PSIxIiB4bWxucz0iaHR0cDovL3d3dy53My5vcmcvMjAwMC9zdmciPjwvc3ZnPg==\" class=\"lazyload\" style=\"--smush-placeholder-width: 500px; --smush-placeholder-aspect-ratio: 500\/500;\"><\/p>\n<div><strong>Member of the Bar<br \/>Partner since 2018<\/strong><\/div>\n<\/li>\n<li>\n<p>        <img decoding=\"async\" data-src=\"\/wp-content\/uploads\/2025\/01\/localisation.png\" alt=\"\" src=\"data:image\/svg+xml;base64,PHN2ZyB3aWR0aD0iMSIgaGVpZ2h0PSIxIiB4bWxucz0iaHR0cDovL3d3dy53My5vcmcvMjAwMC9zdmciPjwvc3ZnPg==\" class=\"lazyload\" style=\"--smush-placeholder-width: 500px; --smush-placeholder-aspect-ratio: 500\/500;\"><\/p>\n<div><span><strong>Adresse<\/strong><br \/>MCE Avocats (Lausanne)<br \/>Rue du Grand-Ch\u00eane 1<br \/>Case postale 1106<br \/>1001 Lausanne<br \/><\/span><\/div>\n<\/li>\n<li>\n<p>        <img decoding=\"async\" data-src=\"\/wp-content\/uploads\/2025\/01\/mail.png\" alt=\"\" src=\"data:image\/svg+xml;base64,PHN2ZyB3aWR0aD0iMSIgaGVpZ2h0PSIxIiB4bWxucz0iaHR0cDovL3d3dy53My5vcmcvMjAwMC9zdmciPjwvc3ZnPg==\" class=\"lazyload\" style=\"--smush-placeholder-width: 500px; --smush-placeholder-aspect-ratio: 500\/500;\"><\/p>\n<div><strong>Email<\/strong><br \/><a href=\"mailto:C.Chilla@mcelegal.ch\">C.Chilla@mcelegal.ch<\/a><\/div>\n<\/li>\n<li>\n<p>        <img decoding=\"async\" data-src=\"\/wp-content\/uploads\/2025\/01\/langue-parle.png\" alt=\"\" src=\"data:image\/svg+xml;base64,PHN2ZyB3aWR0aD0iMSIgaGVpZ2h0PSIxIiB4bWxucz0iaHR0cDovL3d3dy53My5vcmcvMjAwMC9zdmciPjwvc3ZnPg==\" class=\"lazyload\" style=\"--smush-placeholder-width: 500px; --smush-placeholder-aspect-ratio: 500\/500;\"><\/p>\n<div><strong>Languages<\/strong><br \/>FR \/ ALL \/ EN \/ IT<\/div>\n<\/li>\n<\/ul>\n<h2>Biography<\/h2>\n<div>\n<p style=\"box-sizing: border-box; margin: 0px 0px 30px; padding: 0px; border: 0px; font-variant-numeric: inherit; font-variant-east-asian: inherit; font-variant-alternates: inherit; font-variant-position: inherit; font-variant-emoji: inherit; font-stretch: inherit; line-height: inherit; font-family: 'Nunito Sans'; font-optical-sizing: inherit; font-size-adjust: inherit; font-kerning: inherit; font-feature-settings: inherit; font-variation-settings: inherit; vertical-align: baseline; position: relative; color: #676767;\">Christian Chill\u00e0 studied at the Law Faculty of the University of Lausanne. He obtained his Bachelor\u2019s degree in Law in 2009, graduating Magna cum laude, and his Master\u2019s degree in 2011, graduating Summa cum laude.<\/p>\n<p style=\"box-sizing: border-box; margin: 0px 0px 30px; padding: 0px; border: 0px; font-variant-numeric: inherit; font-variant-east-asian: inherit; font-variant-alternates: inherit; font-variant-position: inherit; font-variant-emoji: inherit; font-stretch: inherit; line-height: inherit; font-family: 'Nunito Sans'; font-optical-sizing: inherit; font-size-adjust: inherit; font-kerning: inherit; font-feature-settings: inherit; font-variation-settings: inherit; vertical-align: baseline; position: relative; color: #676767;\">From April 2011, Christian Chill\u00e0 worked as a tax adviser at taxadvice S\u00e0rl in Nyon. In this capacity, he acquired solid experience in the field of personal taxation, both nationally and internationally. In October 2013, he began his legal traineeship with the law firm Reymond &amp; Associ\u00e9s in Lausanne, where he was admitted to the bar in December 2015. He then worked at Heim Paschoud &amp; Associ\u00e9s as an associate until 31 July 2018, before joining MCE Avocats as a partner in the summer of 2018.<\/p>\n<p style=\"box-sizing: border-box; margin: 0px 0px 30px; padding: 0px; border: 0px; font-variant-numeric: inherit; font-variant-east-asian: inherit; font-variant-alternates: inherit; font-variant-position: inherit; font-variant-emoji: inherit; font-stretch: inherit; line-height: inherit; font-family: 'Nunito Sans'; font-optical-sizing: inherit; font-size-adjust: inherit; font-kerning: inherit; font-feature-settings: inherit; font-variation-settings: inherit; vertical-align: baseline; position: relative; color: #676767;\">Christian Chill\u00e0 advises and represents both individuals and companies before the courts and authorities in civil, administrative and criminal litigation.<\/p>\n<p style=\"box-sizing: border-box; margin: 0px 0px 30px; padding: 0px; border: 0px; font-variant-numeric: inherit; font-variant-east-asian: inherit; font-variant-alternates: inherit; font-variant-position: inherit; font-variant-emoji: inherit; font-stretch: inherit; line-height: inherit; font-family: 'Nunito Sans'; font-optical-sizing: inherit; font-size-adjust: inherit; font-kerning: inherit; font-feature-settings: inherit; font-variation-settings: inherit; vertical-align: baseline; position: relative; color: #676767;\">A keen legal researcher, Christian Chill\u00e0 has published a number of articles and books on tax matters and regularly translates Federal Court rulings from Italian into French. He is also a regular speaker at seminars.<\/p>\n<p style=\"box-sizing: border-box; margin: 0px 0px 30px; padding: 0px; border: 0px; font-variant-numeric: inherit; font-variant-east-asian: inherit; font-variant-alternates: inherit; font-variant-position: inherit; font-variant-emoji: inherit; font-stretch: inherit; line-height: inherit; font-family: 'Nunito Sans'; font-optical-sizing: inherit; font-size-adjust: inherit; font-kerning: inherit; font-feature-settings: inherit; font-variation-settings: inherit; vertical-align: baseline; position: relative; color: #676767;\">He puts his knowledge and determination at the service of his clients, whom he defends in a serious, effective and pragmatic manner.<\/p>\n<\/div>\n<h2>Practice areas<\/h2>\n<ul>\n<li>\n<p>        <img decoding=\"async\" data-src=\"\/wp-content\/uploads\/2025\/01\/Droit-penal-2.png\" alt=\"\" src=\"data:image\/svg+xml;base64,PHN2ZyB3aWR0aD0iMSIgaGVpZ2h0PSIxIiB4bWxucz0iaHR0cDovL3d3dy53My5vcmcvMjAwMC9zdmciPjwvc3ZnPg==\" class=\"lazyload\" style=\"--smush-placeholder-width: 500px; --smush-placeholder-aspect-ratio: 500\/500;\"><\/p>\n<h3>Civil, criminal and administrative proceedings<\/h3>\n<\/li>\n<li>\n<p>        <img decoding=\"async\" data-src=\"\/wp-content\/uploads\/2025\/01\/droit-des-contrats.png\" alt=\"droit des contrats\" src=\"data:image\/svg+xml;base64,PHN2ZyB3aWR0aD0iMSIgaGVpZ2h0PSIxIiB4bWxucz0iaHR0cDovL3d3dy53My5vcmcvMjAwMC9zdmciPjwvc3ZnPg==\" class=\"lazyload\" style=\"--smush-placeholder-width: 500px; --smush-placeholder-aspect-ratio: 500\/500;\"><\/p>\n<h3>Contract law<\/h3>\n<p>(employment, lease, mandate, sale, company, etc.)<\/p>\n<\/li>\n<li>\n<p>        <img decoding=\"async\" data-src=\"\/wp-content\/uploads\/2025\/01\/Droit-des-constructions-1.png\" alt=\"Droit des constructions\" src=\"data:image\/svg+xml;base64,PHN2ZyB3aWR0aD0iMSIgaGVpZ2h0PSIxIiB4bWxucz0iaHR0cDovL3d3dy53My5vcmcvMjAwMC9zdmciPjwvc3ZnPg==\" class=\"lazyload\" style=\"--smush-placeholder-width: 500px; --smush-placeholder-aspect-ratio: 500\/500;\"><\/p>\n<h3>Construction and property law<\/h3>\n<p><a href=\"https:\/\/mcelegal.ch?page_id=14092\"><\/a><\/p>\n<\/li>\n<li>\n<p>        <img decoding=\"async\" data-src=\"\/wp-content\/uploads\/2025\/01\/droit-fiscal.png\" alt=\"droit fiscal\" src=\"data:image\/svg+xml;base64,PHN2ZyB3aWR0aD0iMSIgaGVpZ2h0PSIxIiB4bWxucz0iaHR0cDovL3d3dy53My5vcmcvMjAwMC9zdmciPjwvc3ZnPg==\" class=\"lazyload\" style=\"--smush-placeholder-width: 500px; --smush-placeholder-aspect-ratio: 500\/500;\"><\/p>\n<h3>Individual tax law<\/h3>\n<\/li>\n<li>\n<p>        <img decoding=\"async\" data-src=\"\/wp-content\/uploads\/2025\/01\/Droit-penal-2.png\" alt=\"\" src=\"data:image\/svg+xml;base64,PHN2ZyB3aWR0aD0iMSIgaGVpZ2h0PSIxIiB4bWxucz0iaHR0cDovL3d3dy53My5vcmcvMjAwMC9zdmciPjwvc3ZnPg==\" class=\"lazyload\" style=\"--smush-placeholder-width: 500px; --smush-placeholder-aspect-ratio: 500\/500;\"><\/p>\n<h3>Criminal law<\/h3>\n<p><a href=\"https:\/\/mcelegal.ch?page_id=14094\"><\/a><\/p>\n<\/li>\n<li>\n<p>        <img decoding=\"async\" data-src=\"\/wp-content\/uploads\/2023\/11\/famille.png\" alt=\"droit de la famille\" src=\"data:image\/svg+xml;base64,PHN2ZyB3aWR0aD0iMSIgaGVpZ2h0PSIxIiB4bWxucz0iaHR0cDovL3d3dy53My5vcmcvMjAwMC9zdmciPjwvc3ZnPg==\" class=\"lazyload\" style=\"--smush-placeholder-width: 128px; --smush-placeholder-aspect-ratio: 128\/128;\"><\/p>\n<h3>Family law<\/h3>\n<p><a href=\"https:\/\/mcelegal.ch?page_id=15050\"><\/a><\/p>\n<\/li>\n<li>\n<p>        <img decoding=\"async\" data-src=\"\/wp-content\/uploads\/2025\/01\/Poursuite-et-faillite-2.png\" alt=\"\" src=\"data:image\/svg+xml;base64,PHN2ZyB3aWR0aD0iMSIgaGVpZ2h0PSIxIiB4bWxucz0iaHR0cDovL3d3dy53My5vcmcvMjAwMC9zdmciPjwvc3ZnPg==\" class=\"lazyload\" style=\"--smush-placeholder-width: 500px; --smush-placeholder-aspect-ratio: 500\/500;\"><\/p>\n<h3>Bankruptcy and insolvency<\/h3>\n<p> (including composition proceedings in the context of company restructuring)<\/p>\n<p><a href=\"https:\/\/mcelegal.ch?page_id=15832\"><\/a><\/p>\n<\/li>\n<\/ul>\n<h2>Professional activities<\/h2>\n<ul>\n<li>\n<h3>Partner at MCE Avocats<\/h3>\n<div>\n<p>Since 2018<\/p>\n<\/div>\n<\/li>\n<li>\n<h3>Lecturer in International Business Law, Hotel Institute Montreux, Suisse<\/h3>\n<div>\n<p><span>April 2019 to May 2020:<\/span><\/p>\n<\/div>\n<\/li>\n<li>\n<h3>Associate at Heim Paschoud &#038; Associ\u00e9s<\/h3>\n<div>\n<p><span>2016 &#8211; 2018<\/span><\/p>\n<\/div>\n<\/li>\n<li>\n<h3>Trainee lawyer with Reymond &#038; Associ\u00e9s, Lausanne<\/h3>\n<div>\n<p><span>2013 &#8211; 2015<\/span><\/p>\n<\/div>\n<\/li>\n<li>\n<h3>Tax adviser at taxadvice S\u00e0rl, Nyon<\/h3>\n<div>\n<p><span>2011 &#8211; 2013<\/span><\/p>\n<\/div>\n<\/li>\n<\/ul>\n<h2>Education<\/h2>\n<ul>\n<li>\n<h3> Bar exam<\/h3>\n<div>\n<p>2015<\/p>\n<\/div>\n<\/li>\n<li>\n<h3>Master\u2019s degree in law (summa cum laude) from the Faculty of Law at the University of Lausanne<\/h3>\n<div>\n<p>2011<\/p>\n<\/div>\n<\/li>\n<li>\n<h3>Bachelor of Law (magna cum laude), Faculty of Law, University of Lausanne<\/h3>\n<div>\n<p>2009<\/p>\n<\/div>\n<\/li>\n<\/ul>\n<h2>Articles &amp; Publications<\/h2>\n<ul>\n<li>\n<h3>Droit fiscal international, Helbing Lichtenhahn<\/h3>\n<div>\n<p>2023 \u2014 <strong>De Vries Reilingh, Daniel \/ Chill\u00e0, Christian<\/strong>.<\/p>\n<\/div>\n<\/li>\n<li>\n<h3>Le point sur l\u2019\u00e9change de renseignements sur demande \u00e0 l\u2019aune de la jurisprudence du Tribunal f\u00e9d\u00e9ral des derni\u00e8res ann\u00e9es<\/h3>\n<div>\n<p>in <em>Revue de droit administratif et de droit fiscal<\/em>, 2021, II, p. 432 \u2014 <strong>Chill\u00e0, Christian<\/strong>.<\/p>\n<\/div>\n<\/li>\n<li>\n<h3>Participation \u00e0 la Chronique de jurisprudence en mati\u00e8re fiscale du Tribunal f\u00e9d\u00e9ral en 2019-2020, <\/h3>\n<div>\n<p>in <em>Revue de droit administratif et de droit fiscal<\/em>, 2021, II, p. 93 (\u00e9dit\u00e9 par <strong>Danon, Robert<\/strong> et <strong>Obrist, Thierry<\/strong>) \u2014 <strong>Chill\u00e0, Christian<\/strong>.<\/p>\n<\/div>\n<\/li>\n<li>\n<h3>Commentaire de l\u2019arr\u00eat du Tribunal f\u00e9d\u00e9ral 2C_418\/2018 en mati\u00e8re de gain immobilier et de report d\u2019imposition, in Revue de droit administratif et de droit fiscal<\/h3>\n<div>\n<p>2e partie, 2018, II, p. 589 \u2014 <strong>Chill\u00e0, Christian<\/strong><\/p>\n<\/div>\n<\/li>\n<li>\n<h3>Relation entre contribuable et mandataire en cas de soustraction d\u2019imp\u00f4t : solidarit\u00e9 passive, contrat de mandat et d\u00e9nonciation spontan\u00e9e<\/h3>\n<div>\n<p>in <em>Revue fiscale<\/em>, mars 2017 \u2014 <strong>Chill\u00e0, Christian<\/strong><\/p>\n<\/div>\n<\/li>\n<li>\n<h3>Analyse sous l\u2019angle fiscal de l\u2019art. 79b al. 3, 1re phrase de la loi f\u00e9d\u00e9rale sur la pr\u00e9voyance professionnelle<\/h3>\n<div>\n<p>in <em>Revue de droit administratif et de droit fiscal<\/em>, 2e partie, 2014 (cit\u00e9 par le Tribunal f\u00e9d\u00e9ral dans l\u2019ATF 142 II 399, consid. 3.2) \u2014 <strong>Chill\u00e0, Christian<\/strong>.<\/p>\n<\/div>\n<\/li>\n<li>\n<h3>Principe de la taxation d\u2019office dans le cas d\u2019un contribuable ind\u00e9pendant<\/h3>\n<div>\n<p>in <em>Revue fiscale<\/em>, avril 2013 \u2014 <strong>Chill\u00e0, Christian<\/strong>.<\/p>\n<\/div>\n<\/li>\n<li>\n<h3>Identit\u00e9 de propri\u00e9taire en cas de report d\u2019imposition du gain immobilier priv\u00e9 selon l\u2019art. 12 al. 3 let. e LHID<\/h3>\n<div>\n<p>in <em>Revue fiscale<\/em>, mai 2012 \u2014 <strong>Axelroud Buchmann, Danielle \/ Chill\u00e0, Christian<\/strong>.<\/p>\n<\/div>\n<\/li>\n<li>\n<h3>Travaux mal ex\u00e9cut\u00e9s \u2013 Quels sont les droits du ma\u00eetre d\u2019ouvrage ?<\/h3>\n<div>\n<p>in <em>Tout l\u2019Immobilier<\/em>, 9 novembre 2020, n\u00b0 1012, p. 6 \u2014 <strong>Chill\u00e0, Christian<\/strong>.<\/p>\n<\/div>\n<\/li>\n<\/ul>\n<p><!--more--><br \/>\n<!-- {\"type\":\"layout\",\"children\":[{\"name\":\"Vita\",\"type\":\"section\",\"props\":{\"animation_delay\":false,\"image_position\":\"center-center\",\"style\":\"default\",\"title_breakpoint\":\"xl\",\"title_position\":\"top-left\",\"title_rotation\":\"left\",\"vertical_align\":\"\",\"width\":\"default\"},\"children\":[{\"type\":\"row\",\"children\":[{\"type\":\"column\",\"props\":{\"image_position\":\"center-center\",\"position_sticky_breakpoint\":\"m\",\"width_medium\":\"1-1\"},\"children\":[{\"type\":\"headline\",\"props\":{\"margin\":\"small\",\"title_color\":\"emphasis\",\"title_decoration\":\"bullet\",\"title_element\":\"h1\",\"title_style\":\"h2\"},\"source\":{\"query\":{\"name\":\"pages.singlePage\"},\"props\":{\"content\":{\"filters\":{\"search\":\"\"},\"name\":\"title\"}}}},{\"type\":\"breadcrumbs\",\"props\":{\"show_current\":true,\"show_home\":true}}]}]},{\"type\":\"row\",\"props\":{\"column_gap\":\"large\",\"layout\":\"1-3,2-3\",\"row_gap\":\"large\"},\"children\":[{\"type\":\"column\",\"props\":{\"image_position\":\"center-center\",\"position_sticky\":\"column\",\"position_sticky_breakpoint\":\"m\",\"style\":\"card-default\",\"width_medium\":\"1-3\",\"width_small\":\"1-1\"},\"children\":[{\"type\":\"image\",\"props\":{\"css\":\".el-image {\\n    filter: grayscale(0%); \\\/* Noir et blanc par d\\u00e9faut *\\\/\\n    transition: filter 0.3s ease, transform 0.3s ease; \\\/* Transition fluide pour filtre et zoom *\\\/\\n    transform: scale(1); \\\/* \\u00c9chelle normale *\\\/\\n}\\n\\n.el-image:hover {\\n    filter: grayscale(100%); \\n     transform: scale(1.05); \\n    transition: filter 0.6s ease, transform 0.6s ease; \\\/* Transition fluide pour filtre et zoom *\\\/\\n}\\n\\n\",\"image\":\"wp-content\\\/uploads\\\/2023\\\/10\\\/chilla.jpg\",\"image_alt\":\"Christian Chill\\u00e0\",\"image_loading\":true,\"image_svg_color\":\"emphasis\",\"image_width\":\"600\",\"margin\":\"default\"}},{\"type\":\"divider\",\"props\":{\"divider_element\":\"hr\"}},{\"type\":\"list\",\"props\":{\"column_breakpoint\":\"m\",\"image_align\":\"left\",\"image_loading\":true,\"image_svg_color\":\"emphasis\",\"image_vertical_align\":true,\"image_width\":\"60\",\"list_element\":\"ul\",\"list_horizontal_separator\":\", \",\"list_style\":\"divider\",\"list_type\":\"vertical\",\"show_image\":true,\"show_link\":true},\"children\":[{\"type\":\"list_item\",\"props\":{\"content\":\"<strong>Member of the Bar<br \\\/>Partner since 2018<\\\/strong>\",\"image\":\"wp-content\\\/uploads\\\/2025\\\/01\\\/Avocat.png\"}},{\"type\":\"list_item\",\"props\":{\"content\":\"<span><strong>Adresse<\\\/strong><br \\\/>MCE Avocats (Lausanne)<br \\\/>Rue du Grand-Ch\\u00eane 1<br \\\/>Case postale 1106<br \\\/>1001 Lausanne<br \\\/><\\\/span>\",\"image\":\"wp-content\\\/uploads\\\/2025\\\/01\\\/localisation.png\"}},{\"type\":\"list_item\",\"props\":{\"content\":\"<strong>Email<\\\/strong><br \\\/><a href=\\\"mailto:C.Chilla@mcelegal.ch\\\">C.Chilla@mcelegal.ch<\\\/a>\",\"image\":\"wp-content\\\/uploads\\\/2025\\\/01\\\/mail.png\"}},{\"type\":\"list_item\",\"props\":{\"content\":\"<strong>Languages<\\\/strong><br \\\/>FR \\\/ ALL \\\/ EN \\\/ IT\",\"image\":\"wp-content\\\/uploads\\\/2025\\\/01\\\/langue-parle.png\"}}]}]},{\"type\":\"column\",\"props\":{\"image_position\":\"center-center\",\"position_sticky_breakpoint\":\"m\",\"width_medium\":\"2-3\",\"width_small\":\"1-1\"},\"children\":[{\"type\":\"headline\",\"props\":{\"content\":\"Biography\",\"margin\":\"large\",\"margin_remove_bottom\":true,\"title_element\":\"h2\",\"title_style\":\"h3\"}},{\"type\":\"text\",\"props\":{\"column_breakpoint\":\"m\",\"content\":\"\n\n<p style=\\\"box-sizing: border-box; margin: 0px 0px 30px; padding: 0px; border: 0px; font-variant-numeric: inherit; font-variant-east-asian: inherit; font-variant-alternates: inherit; font-variant-position: inherit; font-variant-emoji: inherit; font-stretch: inherit; line-height: inherit; font-family: 'Nunito Sans'; font-optical-sizing: inherit; font-size-adjust: inherit; font-kerning: inherit; font-feature-settings: inherit; font-variation-settings: inherit; vertical-align: baseline; position: relative; color: #676767;\\\">Christian Chill\\u00e0 studied at the Law Faculty of the University of Lausanne. He obtained his Bachelor\\u2019s degree in Law in 2009, graduating Magna cum laude, and his Master\\u2019s degree in 2011, graduating Summa cum laude.<\\\/p>\\n\n\n<p style=\\\"box-sizing: border-box; margin: 0px 0px 30px; padding: 0px; border: 0px; font-variant-numeric: inherit; font-variant-east-asian: inherit; font-variant-alternates: inherit; font-variant-position: inherit; font-variant-emoji: inherit; font-stretch: inherit; line-height: inherit; font-family: 'Nunito Sans'; font-optical-sizing: inherit; font-size-adjust: inherit; font-kerning: inherit; font-feature-settings: inherit; font-variation-settings: inherit; vertical-align: baseline; position: relative; color: #676767;\\\">From April 2011, Christian Chill\\u00e0 worked as a tax adviser at taxadvice S\\u00e0rl in Nyon. In this capacity, he acquired solid experience in the field of personal taxation, both nationally and internationally. In October 2013, he began his legal traineeship with the law firm Reymond &amp; Associ\\u00e9s in Lausanne, where he was admitted to the bar in December 2015. He then worked at Heim Paschoud &amp; Associ\\u00e9s as an associate until 31 July 2018, before joining MCE Avocats as a partner in the summer of 2018.<\\\/p>\\n\n\n<p style=\\\"box-sizing: border-box; margin: 0px 0px 30px; padding: 0px; border: 0px; font-variant-numeric: inherit; font-variant-east-asian: inherit; font-variant-alternates: inherit; font-variant-position: inherit; font-variant-emoji: inherit; font-stretch: inherit; line-height: inherit; font-family: 'Nunito Sans'; font-optical-sizing: inherit; font-size-adjust: inherit; font-kerning: inherit; font-feature-settings: inherit; font-variation-settings: inherit; vertical-align: baseline; position: relative; color: #676767;\\\">Christian Chill\\u00e0 advises and represents both individuals and companies before the courts and authorities in civil, administrative and criminal litigation.<\\\/p>\\n\n\n<p style=\\\"box-sizing: border-box; margin: 0px 0px 30px; padding: 0px; border: 0px; font-variant-numeric: inherit; font-variant-east-asian: inherit; font-variant-alternates: inherit; font-variant-position: inherit; font-variant-emoji: inherit; font-stretch: inherit; line-height: inherit; font-family: 'Nunito Sans'; font-optical-sizing: inherit; font-size-adjust: inherit; font-kerning: inherit; font-feature-settings: inherit; font-variation-settings: inherit; vertical-align: baseline; position: relative; color: #676767;\\\">A keen legal researcher, Christian Chill\\u00e0 has published a number of articles and books on tax matters and regularly translates Federal Court rulings from Italian into French. He is also a regular speaker at seminars.<\\\/p>\\n\n\n<p style=\\\"box-sizing: border-box; margin: 0px 0px 30px; padding: 0px; border: 0px; font-variant-numeric: inherit; font-variant-east-asian: inherit; font-variant-alternates: inherit; font-variant-position: inherit; font-variant-emoji: inherit; font-stretch: inherit; line-height: inherit; font-family: 'Nunito Sans'; font-optical-sizing: inherit; font-size-adjust: inherit; font-kerning: inherit; font-feature-settings: inherit; font-variation-settings: inherit; vertical-align: baseline; position: relative; color: #676767;\\\">He puts his knowledge and determination at the service of his clients, whom he defends in a serious, effective and pragmatic manner.<\\\/p>\",\"margin\":\"default\"}},{\"type\":\"headline\",\"props\":{\"content\":\"Practice areas\",\"margin\":\"large\",\"margin_remove_bottom\":true,\"title_element\":\"h2\",\"title_style\":\"h3\"}},{\"type\":\"panel-slider\",\"props\":{\"content_column_breakpoint\":\"m\",\"icon_width\":80,\"image_align\":\"top\",\"image_grid_breakpoint\":\"m\",\"image_grid_width\":\"1-2\",\"image_link\":false,\"image_loading\":true,\"image_svg_color\":\"emphasis\",\"image_width\":\"50\",\"link_style\":\"default\",\"link_text\":\"\",\"margin\":\"default\",\"meta_align\":\"below-title\",\"meta_element\":\"div\",\"meta_margin\":\"small\",\"meta_style\":\"text-meta\",\"nav\":\"dotnav\",\"nav_align\":\"center\",\"nav_breakpoint\":\"s\",\"panel_link\":true,\"panel_link_hover\":\"true\",\"panel_match\":true,\"panel_padding\":\"small\",\"panel_style\":\"tile-muted\",\"show_content\":true,\"show_hover_image\":false,\"show_hover_video\":false,\"show_image\":true,\"show_link\":true,\"show_meta\":true,\"show_title\":true,\"show_video\":false,\"slidenav\":\"outside\",\"slidenav_breakpoint\":\"\",\"slidenav_margin\":\"\",\"slidenav_outside_breakpoint\":\"s\",\"slider_autoplay_pause\":true,\"slider_gap\":\"default\",\"slider_width\":\"fixed\",\"slider_width_default\":\"5-6\",\"slider_width_medium\":\"1-3\",\"slider_width_small\":\"1-3\",\"text_align\":\"center\",\"title_align\":\"top\",\"title_element\":\"h3\",\"title_grid_breakpoint\":\"m\",\"title_grid_width\":\"1-2\",\"title_hover_style\":\"reset\",\"title_style\":\"text-lead\"},\"children\":[{\"type\":\"panel-slider_item\",\"props\":{\"image\":\"wp-content\\\/uploads\\\/2025\\\/01\\\/Droit-penal-2.png\",\"meta\":\"\",\"title\":\"Civil, criminal and administrative proceedings\"}},{\"type\":\"panel-slider_item\",\"props\":{\"image\":\"wp-content\\\/uploads\\\/2025\\\/01\\\/droit-des-contrats.png\",\"image_alt\":\"droit des contrats\",\"meta\":\"(employment, lease, mandate, sale, company, etc.)\",\"title\":\"Contract law\"}},{\"type\":\"panel-slider_item\",\"props\":{\"image\":\"wp-content\\\/uploads\\\/2025\\\/01\\\/Droit-des-constructions-1.png\",\"image_alt\":\"Droit des constructions\",\"link\":\"https:\\\/\\\/mcelegal.ch?page_id=14092\",\"title\":\"Construction and property law\"}},{\"type\":\"panel-slider_item\",\"props\":{\"image\":\"wp-content\\\/uploads\\\/2025\\\/01\\\/droit-fiscal.png\",\"image_alt\":\"droit fiscal\",\"meta\":\"\",\"title\":\"Individual tax law\"}},{\"type\":\"panel-slider_item\",\"props\":{\"image\":\"wp-content\\\/uploads\\\/2025\\\/01\\\/Droit-penal-2.png\",\"link\":\"https:\\\/\\\/mcelegal.ch?page_id=14094\",\"meta\":\"\",\"title\":\"Criminal law\"}},{\"type\":\"panel-slider_item\",\"props\":{\"image\":\"wp-content\\\/uploads\\\/2023\\\/11\\\/famille.png\",\"image_alt\":\"droit de la famille\",\"link\":\"https:\\\/\\\/mcelegal.ch?page_id=15050\",\"title\":\"Family law\"}},{\"type\":\"panel-slider_item\",\"props\":{\"image\":\"wp-content\\\/uploads\\\/2025\\\/01\\\/Poursuite-et-faillite-2.png\",\"link\":\"https:\\\/\\\/mcelegal.ch?page_id=15832\",\"meta\":\" (including composition proceedings in the context of company restructuring)\",\"title\":\"Bankruptcy and insolvency\"}}]},{\"type\":\"headline\",\"props\":{\"content\":\"Professional activities\",\"margin\":\"large\",\"margin_remove_bottom\":true,\"title_element\":\"h2\",\"title_style\":\"h3\"}},{\"type\":\"description_list\",\"props\":{\"column_breakpoint\":\"m\",\"layout\":\"grid-2\",\"list_element\":\"ul\",\"list_size\":\"large\",\"list_style\":\"striped\",\"meta_align\":\"below-title\",\"meta_style\":\"text-meta\",\"show_content\":true,\"show_link\":false,\"show_meta\":true,\"show_title\":true,\"title_element\":\"div\",\"title_grid_column_gap\":\"large\",\"title_grid_row_gap\":\"large\",\"title_grid_width\":\"expand\"},\"children\":[{\"type\":\"description_list_item\",\"props\":{\"content\":\"\n\n<p>Since 2018<\\\/p>\",\"meta\":\"\",\"title\":\"Partner at MCE Avocats\"}},{\"type\":\"description_list_item\",\"props\":{\"content\":\"\n\n<p><span>April 2019 to May 2020:<\\\/span><\\\/p>\",\"meta\":\"\",\"title\":\"Lecturer in International Business Law, Hotel Institute Montreux, Suisse\"}},{\"type\":\"description_list_item\",\"props\":{\"content\":\"\n\n<p><span>2016 - 2018<\\\/span><\\\/p>\",\"meta\":\"\",\"title\":\"Associate at Heim Paschoud & Associ\\u00e9s\"}},{\"type\":\"description_list_item\",\"props\":{\"content\":\"\n\n<p><span>2013 - 2015<\\\/span><\\\/p>\",\"meta\":\"\",\"title\":\"Trainee lawyer with Reymond & Associ\\u00e9s, Lausanne\"}},{\"type\":\"description_list_item\",\"props\":{\"content\":\"\n\n<p><span>2011 - 2013<\\\/span><\\\/p>\",\"meta\":\"\",\"title\":\"Tax adviser at taxadvice S\\u00e0rl, Nyon\"}}]},{\"type\":\"headline\",\"props\":{\"content\":\"Education\",\"margin\":\"large\",\"margin_remove_bottom\":true,\"title_element\":\"h2\",\"title_style\":\"h3\"}},{\"type\":\"description_list\",\"props\":{\"column_breakpoint\":\"m\",\"layout\":\"grid-2\",\"list_element\":\"ul\",\"list_size\":\"large\",\"list_style\":\"striped\",\"meta_align\":\"below-title\",\"meta_style\":\"text-meta\",\"show_content\":true,\"show_link\":false,\"show_meta\":true,\"show_title\":true,\"title_element\":\"div\",\"title_grid_column_gap\":\"large\",\"title_grid_row_gap\":\"large\",\"title_grid_width\":\"expand\"},\"children\":[{\"type\":\"description_list_item\",\"props\":{\"content\":\"\n\n<p>2015<\\\/p>\",\"meta\":\"\",\"title\":\" Bar exam\"}},{\"type\":\"description_list_item\",\"props\":{\"content\":\"\n\n<p>2011<\\\/p>\",\"meta\":\"\",\"title\":\"Master\\u2019s degree in law (summa cum laude) from the Faculty of Law at the University of Lausanne\"}},{\"type\":\"description_list_item\",\"props\":{\"content\":\"\n\n<p>2009<\\\/p>\",\"meta\":\"\",\"title\":\"Bachelor of Law (magna cum laude), Faculty of Law, University of Lausanne\"}}]},{\"type\":\"headline\",\"props\":{\"content\":\"Articles &amp; Publications\",\"margin\":\"large\",\"margin_remove_bottom\":true,\"title_element\":\"h2\",\"title_style\":\"h3\"}},{\"type\":\"panel-slider\",\"props\":{\"content_column_breakpoint\":\"m\",\"css\":\".el-content {\\n    font-size : 12px;}\",\"icon_width\":80,\"image_align\":\"top\",\"image_grid_breakpoint\":\"m\",\"image_grid_width\":\"1-2\",\"image_svg_color\":\"emphasis\",\"image_text_color\":\"light\",\"image_width\":200,\"link_style\":\"default\",\"link_text\":\"En lire plus\",\"margin\":\"default\",\"meta_align\":\"below-title\",\"meta_element\":\"div\",\"meta_style\":\"text-small\",\"nav\":\"dotnav\",\"nav_align\":\"center\",\"nav_breakpoint\":\"s\",\"panel_card_offset\":false,\"panel_expand\":\"both\",\"panel_image_no_padding\":false,\"panel_match\":true,\"panel_padding\":\"small\",\"panel_style\":\"card-default\",\"show_content\":true,\"show_hover_image\":false,\"show_hover_video\":false,\"show_image\":false,\"show_link\":true,\"show_meta\":true,\"show_title\":true,\"show_video\":false,\"slidenav\":\"outside\",\"slidenav_breakpoint\":\"\",\"slidenav_hover\":false,\"slidenav_large\":false,\"slidenav_margin\":\"\",\"slidenav_outside_breakpoint\":\"l\",\"slider_autoplay_pause\":true,\"slider_gap\":\"default\",\"slider_width\":\"fixed\",\"slider_width_default\":\"5-6\",\"slider_width_medium\":\"1-3\",\"slider_width_small\":\"1-2\",\"title_align\":\"top\",\"title_element\":\"h3\",\"title_grid_breakpoint\":\"m\",\"title_grid_width\":\"1-2\",\"title_hover_style\":\"reset\",\"title_style\":\"h4\"},\"children\":[{\"type\":\"panel-slider_item\",\"props\":{\"content\":\"\n\n<p>2023 \\u2014 <strong>De Vries Reilingh, Daniel \\\/ Chill\\u00e0, Christian<\\\/strong>.<\\\/p>\",\"meta\":\"\",\"title\":\"Droit fiscal international, Helbing Lichtenhahn\"}},{\"type\":\"panel-slider_item\",\"props\":{\"content\":\"\n\n<p>in <em>Revue de droit administratif et de droit fiscal<\\\/em>, 2021, II, p. 432 \\u2014 <strong>Chill\\u00e0, Christian<\\\/strong>.<\\\/p>\",\"link_text\":\"Acc\\u00e8s en ligne\",\"meta\":\"\",\"title\":\"Le point sur l\\u2019\\u00e9change de renseignements sur demande \\u00e0 l\\u2019aune de la jurisprudence du Tribunal f\\u00e9d\\u00e9ral des derni\\u00e8res ann\\u00e9es\"}},{\"type\":\"panel-slider_item\",\"props\":{\"content\":\"\n\n<p>in <em>Revue de droit administratif et de droit fiscal<\\\/em>, 2021, II, p. 93 (\\u00e9dit\\u00e9 par <strong>Danon, Robert<\\\/strong> et <strong>Obrist, Thierry<\\\/strong>) \\u2014 <strong>Chill\\u00e0, Christian<\\\/strong>.<\\\/p>\",\"link_text\":\"Acc\\u00e8s en ligne\",\"meta\":\"\",\"title\":\"Participation \\u00e0 la Chronique de jurisprudence en mati\\u00e8re fiscale du Tribunal f\\u00e9d\\u00e9ral en 2019-2020, \"}},{\"type\":\"panel-slider_item\",\"props\":{\"content\":\"\n\n<p>2e partie, 2018, II, p. 589 \\u2014 <strong>Chill\\u00e0, Christian<\\\/strong><\\\/p>\",\"link_text\":\"Acc\\u00e8s en ligne\",\"meta\":\"\",\"title\":\"Commentaire de l\\u2019arr\\u00eat du Tribunal f\\u00e9d\\u00e9ral 2C_418\\\/2018 en mati\\u00e8re de gain immobilier et de report d\\u2019imposition, in Revue de droit administratif et de droit fiscal\"}},{\"type\":\"panel-slider_item\",\"props\":{\"content\":\"\n\n<p>in <em>Revue fiscale<\\\/em>, mars 2017 \\u2014 <strong>Chill\\u00e0, Christian<\\\/strong><\\\/p>\",\"link_text\":\"Acc\\u00e8s en ligne\",\"meta\":\"\",\"title\":\"Relation entre contribuable et mandataire en cas de soustraction d\\u2019imp\\u00f4t : solidarit\\u00e9 passive, contrat de mandat et d\\u00e9nonciation spontan\\u00e9e\"}},{\"type\":\"panel-slider_item\",\"props\":{\"content\":\"\n\n<p>in <em>Revue de droit administratif et de droit fiscal<\\\/em>, 2e partie, 2014 (cit\\u00e9 par le Tribunal f\\u00e9d\\u00e9ral dans l\\u2019ATF 142 II 399, consid. 3.2) \\u2014 <strong>Chill\\u00e0, Christian<\\\/strong>.<\\\/p>\",\"link_text\":\"Acc\\u00e8s en ligne\",\"meta\":\"\",\"title\":\"Analyse sous l\\u2019angle fiscal de l\\u2019art. 79b al. 3, 1re phrase de la loi f\\u00e9d\\u00e9rale sur la pr\\u00e9voyance professionnelle\"}},{\"type\":\"panel-slider_item\",\"props\":{\"content\":\"\n\n<p>in <em>Revue fiscale<\\\/em>, avril 2013 \\u2014 <strong>Chill\\u00e0, Christian<\\\/strong>.<\\\/p>\",\"link_text\":\"Acc\\u00e8s en ligne\",\"meta\":\"\",\"title\":\"Principe de la taxation d\\u2019office dans le cas d\\u2019un contribuable ind\\u00e9pendant\"}},{\"type\":\"panel-slider_item\",\"props\":{\"content\":\"\n\n<p>in <em>Revue fiscale<\\\/em>, mai 2012 \\u2014 <strong>Axelroud Buchmann, Danielle \\\/ Chill\\u00e0, Christian<\\\/strong>.<\\\/p>\",\"link_text\":\"Acc\\u00e8s en ligne\",\"meta\":\"\",\"title\":\"Identit\\u00e9 de propri\\u00e9taire en cas de report d\\u2019imposition du gain immobilier priv\\u00e9 selon l\\u2019art. 12 al. 3 let. e LHID\"}},{\"type\":\"panel-slider_item\",\"props\":{\"content\":\"\n\n<p>in <em>Tout l\\u2019Immobilier<\\\/em>, 9 novembre 2020, n\\u00b0 1012, p. 6 \\u2014 <strong>Chill\\u00e0, Christian<\\\/strong>.<\\\/p>\",\"link_text\":\"Acc\\u00e8s en ligne\",\"meta\":\"\",\"title\":\"Travaux mal ex\\u00e9cut\\u00e9s \\u2013 Quels sont les droits du ma\\u00eetre d\\u2019ouvrage ?\"}}],\"name\":\"Panel : Articles associ\\u00e9s\",\"source\":{\"query\":{\"name\":\"posts.customPost\",\"arguments\":{\"terms\":[],\"category_operator\":\"IN\",\"post_tag_operator\":\"IN\",\"users\":[],\"users_operator\":\"IN\",\"offset\":0,\"order\":\"date\",\"order_direction\":\"DESC\",\"id\":16654}},\"props\":{\"content\":{\"filters\":{\"search\":\"\",\"limit\":200},\"name\":\"excerpt\"}}}},{\"type\":\"totop\",\"props\":{\"margin\":\"default\",\"title\":\"Back to top\",\"title_grid_column_gap\":\"small\",\"title_grid_row_gap\":\"small\",\"title_style\":\"meta\"}}]}]}]}],\"version\":\"4.5.12\"} --><\/p>\n","protected":false},"excerpt":{"rendered":"<p>Member of the BarPartner since 2018 AdresseMCE Avocats (Lausanne)Rue du Grand-Ch\u00eane 1Case postale 11061001 Lausanne EmailC.Chilla@mcelegal.ch LanguagesFR \/ ALL \/ EN \/ IT Biography Christian Chill\u00e0 studied at the Law Faculty of the University of Lausanne. He obtained his Bachelor\u2019s degree in Law in 2009, graduating Magna cum laude, and his Master\u2019s degree in 2011, [&hellip;]<\/p>\n","protected":false},"author":11,"featured_media":16071,"parent":18938,"menu_order":0,"comment_status":"closed","ping_status":"closed","template":"","meta":{"footnotes":""},"tags":[261],"class_list":["post-17237","page","type-page","status-publish","has-post-thumbnail","hentry","tag-droit-de-la-famille-successions-en"],"_links":{"self":[{"href":"https:\/\/mcelegal.ch\/en\/wp-json\/wp\/v2\/pages\/17237","targetHints":{"allow":["GET"]}}],"collection":[{"href":"https:\/\/mcelegal.ch\/en\/wp-json\/wp\/v2\/pages"}],"about":[{"href":"https:\/\/mcelegal.ch\/en\/wp-json\/wp\/v2\/types\/page"}],"author":[{"embeddable":true,"href":"https:\/\/mcelegal.ch\/en\/wp-json\/wp\/v2\/users\/11"}],"replies":[{"embeddable":true,"href":"https:\/\/mcelegal.ch\/en\/wp-json\/wp\/v2\/comments?post=17237"}],"version-history":[{"count":4,"href":"https:\/\/mcelegal.ch\/en\/wp-json\/wp\/v2\/pages\/17237\/revisions"}],"predecessor-version":[{"id":18383,"href":"https:\/\/mcelegal.ch\/en\/wp-json\/wp\/v2\/pages\/17237\/revisions\/18383"}],"up":[{"embeddable":true,"href":"https:\/\/mcelegal.ch\/en\/wp-json\/wp\/v2\/pages\/18938"}],"wp:featuredmedia":[{"embeddable":true,"href":"https:\/\/mcelegal.ch\/en\/wp-json\/wp\/v2\/media\/16071"}],"wp:attachment":[{"href":"https:\/\/mcelegal.ch\/en\/wp-json\/wp\/v2\/media?parent=17237"}],"wp:term":[{"taxonomy":"post_tag","embeddable":true,"href":"https:\/\/mcelegal.ch\/en\/wp-json\/wp\/v2\/tags?post=17237"}],"curies":[{"name":"wp","href":"https:\/\/api.w.org\/{rel}","templated":true}]}}